{"id":700,"date":"2022-09-18T08:37:12","date_gmt":"2022-09-18T06:37:12","guid":{"rendered":"https:\/\/www.holasek.eu\/domains\/holasek.eu\/polstern-und-tapezieren-von-polstermobel\/"},"modified":"2024-09-11T09:55:55","modified_gmt":"2024-09-11T07:55:55","slug":"tapezieren-von-polstermoebel","status":"publish","type":"page","link":"https:\/\/www.holasek.eu\/de\/tapezieren-von-polstermoebel\/","title":{"rendered":"Tapezieren von Polsterm\u00f6bel"},"content":{"rendered":"<p>[et_pb_section fb_built=&#8220;1&#8243; fullwidth=&#8220;on&#8220; _builder_version=&#8220;4.18.0&#8243; _module_preset=&#8220;default&#8220; global_colors_info=&#8220;{}&#8220;][et_pb_fullwidth_header title=&#8220;@ET-DC@eyJkeW5hbWljIjp0cnVlLCJjb250ZW50IjoicG9zdF90aXRsZSIsInNldHRpbmdzIjp7ImJlZm9yZSI6IiIsImFmdGVyIjoiIn19@&#8220; text_orientation=&#8220;center&#8220; _builder_version=&#8220;4.19.0&#8243; _dynamic_attributes=&#8220;title&#8220; _module_preset=&#8220;default&#8220; title_font=&#8220;|700|||||||&#8220; global_colors_info=&#8220;{}&#8220;][\/et_pb_fullwidth_header][\/et_pb_section][et_pb_section fb_built=&#8220;1&#8243; _builder_version=&#8220;4.18.0&#8243; background_color=&#8220;#43291D&#8220; global_colors_info=&#8220;{}&#8220;][et_pb_row column_structure=&#8220;1_2,1_2&#8243; _builder_version=&#8220;4.18.0&#8243; background_size=&#8220;initial&#8220; background_position=&#8220;top_left&#8220; background_repeat=&#8220;repeat&#8220; global_colors_info=&#8220;{}&#8220;][et_pb_column type=&#8220;1_2&#8243; _builder_version=&#8220;4.16&#8243; custom_padding=&#8220;|||&#8220; global_colors_info=&#8220;{}&#8220; custom_padding__hover=&#8220;|||&#8220;][et_pb_text _builder_version=&#8220;4.19.0&#8243; header_2_font=&#8220;||||||||&#8220; background_size=&#8220;initial&#8220; background_position=&#8220;top_left&#8220; background_repeat=&#8220;repeat&#8220; global_colors_info=&#8220;{}&#8220;]<\/p>\n<h4>Tapezieren von Polsterm\u00f6bel Hol\u00e1sek<\/h4>\n<h2>Wir bieten folgende <strong>Dienstleistungen<\/strong> an<\/h2>\n<p>[\/et_pb_text][et_pb_text _builder_version=&#8220;4.19.0&#8243; header_2_font=&#8220;||||||||&#8220; background_size=&#8220;initial&#8220; background_position=&#8220;top_left&#8220; background_repeat=&#8220;repeat&#8220; background_layout=&#8220;dark&#8220; global_colors_info=&#8220;{}&#8220;]<strong>\u2192 Tapezieren von St\u00fchlen<\/strong><\/p>\n<p><strong>\u2192 Tapezieren von Sesseln<\/strong><\/p>\n<p><strong>\u2192 Tapezieren von Sitzgarnituren<\/strong><\/p>\n<p><strong>\u2192 Tapezieren von Antikm\u00f6bel<\/strong><\/p>\n<p><strong>\u2192 Tapezieren von Betten<\/strong><\/p>\n<p><strong>\u2192 Couchen und von anderen Polsterm\u00f6bel<\/strong><\/p>\n<p><strong>\u2192 Tischlerarbeit<\/strong><br \/>\n[\/et_pb_text][\/et_pb_column][et_pb_column type=&#8220;1_2&#8243; _builder_version=&#8220;4.16&#8243; custom_padding=&#8220;|||&#8220; global_colors_info=&#8220;{}&#8220; custom_padding__hover=&#8220;|||&#8220;][et_pb_text _builder_version=&#8220;4.19.0&#8243; _module_preset=&#8220;default&#8220; background_layout=&#8220;dark&#8220; global_colors_info=&#8220;{}&#8220;]<strong>Tapezieren von St\u00fchlen<\/strong> geh\u00f6rt zu der einfacheren Arbeit. Bei den St\u00fchlen wird nur der Sitz neu \u00fcberzogen, die R\u00fcckenlehnen sind meistens nicht gepolstert. Aber auch in F\u00e4llen, wo dies der Fall w\u00e4re, l\u00e4uft die Arbeit ziemlich schnell.<\/p>\n<p>Die Tapezierung von Sesseln, Sitzgarnituren, Betten, Couchen und vor allem die Tapezierung von Antikm\u00f6bel geh\u00f6rt schon zur anspruchsvolleren Arbeit.<\/p>\n<p>Es ist notwendig bei jedem M\u00f6bel den Zustand festzustellen, und zwar sowohl den Au\u00dfen- als auch den Innenzustand. Den Au\u00dfenzustand kann man auf den ersten Blick feststellen. Es geht haupts\u00e4chlich um den Zustand des Holzrahmens. Nicht immer ist die Diagnose positiv und in diesem Fall k\u00f6nnen einige Tischlerarbeiten empfohlen werden.<\/p>\n<p>Den Innenzustand k\u00f6nnen wir erst nach Entfernung der alten Tapezierung (des alten Stoffes) feststellen. Es zeigt sich, dass der Schaumgummi und die Watteline auszutauschen sind, und zwar sowohl beim Sitz als auch bei der R\u00fcckenlehne. Bei den Sitzen bzw. Lehnen, die aus Sprungfedern gemacht wurden, kann es passieren, dass die Sprungfedern neu \u201ezu binden\u201c sind. Es gibt hier die M\u00f6glichkeit solche gebundenen Sitze bzw. R\u00fcckenlehnen durch den Schaumgummi zu ersetzten, es ist nat\u00fcrlich schneller und auch billiger, nichts desto trotz verliert das M\u00f6bel seine Einzigartigkeit und den unverwechselbaren Stil. Daher empfehlen wir diesen Austausch unseren Kunden nicht.<br \/>\n[\/et_pb_text][\/et_pb_column][\/et_pb_row][\/et_pb_section][et_pb_section fb_built=&#8220;1&#8243; _builder_version=&#8220;4.18.0&#8243; _module_preset=&#8220;default&#8220; background_color=&#8220;#372117&#8243; global_module=&#8220;747&#8243; saved_tabs=&#8220;all&#8220; global_colors_info=&#8220;{}&#8220;][et_pb_row _builder_version=&#8220;4.18.0&#8243; _module_preset=&#8220;default&#8220; global_colors_info=&#8220;{}&#8220;][et_pb_column type=&#8220;4_4&#8243; _builder_version=&#8220;4.18.0&#8243; _module_preset=&#8220;default&#8220; global_colors_info=&#8220;{}&#8220;][et_pb_text _builder_version=&#8220;4.18.1&#8243; _module_preset=&#8220;default&#8220; global_colors_info=&#8220;{}&#8220;]<\/p>\n<h4>Referenzen<\/h4>\n<h2>Einiges aus unseren Auftr\u00e4gen\u00a0<\/h2>\n<p>[\/et_pb_text][el_dynamic_masonry_gallery number_of_images=&#8220;9&#8243; gallery_order_by=&#8220;rand&#8220; include_categories=&#8220;11&#8243; image_size=&#8220;large&#8220; _builder_version=&#8220;4.19.0&#8243; _module_preset=&#8220;default&#8220; global_colors_info=&#8220;{}&#8220;][\/el_dynamic_masonry_gallery][et_pb_button button_url=&#8220;@ET-DC@eyJkeW5hbWljIjp0cnVlLCJjb250ZW50IjoicG9zdF9saW5rX3VybF9wYWdlIiwic2V0dGluZ3MiOnsicG9zdF9pZCI6IjE5MiJ9fQ==@&#8220; button_text=&#8220;Alle&#8220; button_alignment=&#8220;center&#8220; _builder_version=&#8220;4.19.0&#8243; _dynamic_attributes=&#8220;button_url&#8220; _module_preset=&#8220;default&#8220; button_bg_color=&#8220;#FFC74C&#8220; global_colors_info=&#8220;{}&#8220;][\/et_pb_button][\/et_pb_column][\/et_pb_row][\/et_pb_section][et_pb_section fb_built=&#8220;1&#8243; _builder_version=&#8220;4.18.0&#8243; _module_preset=&#8220;default&#8220; background_color=&#8220;#43291D&#8220; global_colors_info=&#8220;{}&#8220;][et_pb_row _builder_version=&#8220;4.18.0&#8243; _module_preset=&#8220;default&#8220; global_colors_info=&#8220;{}&#8220;][et_pb_column type=&#8220;4_4&#8243; _builder_version=&#8220;4.18.0&#8243; _module_preset=&#8220;default&#8220; global_colors_info=&#8220;{}&#8220;][et_pb_text _builder_version=&#8220;4.19.0&#8243; _module_preset=&#8220;default&#8220; background_layout=&#8220;dark&#8220; global_colors_info=&#8220;{}&#8220;]<\/p>\n<h4>Polsterung<\/h4>\n<h2>So funktioniert unsere <strong>Polsterung<\/strong><\/h2>\n<p>Die Tapezierung von Sesseln, Sitzgarnituren, Betten, Couchen und vor allem die Tapezierung von Antikm\u00f6bel geh\u00f6rt schon zur anspruchsvolleren Arbeit.<\/p>\n<p>Es ist notwendig bei jedem M\u00f6bel den Zustand festzustellen, und zwar sowohl den Au\u00dfen- als auch den Innenzustand. Den Au\u00dfenzustand kann man auf den ersten Blick feststellen. Es geht haupts\u00e4chlich um den Zustand des Holzrahmens. Nicht immer ist die Diagnose positiv und in diesem Fall k\u00f6nnen einige Tischlerarbeiten empfohlen werden.<\/p>\n<p>Den Innenzustand k\u00f6nnen wir erst nach Entfernung der alten Tapezierung (des alten Stoffes) feststellen. Es zeigt sich, dass der Schaumgummi und die Watteline auszutauschen sind, und zwar sowohl beim Sitz als auch bei der R\u00fcckenlehne. Bei den Sitzen bzw. Lehnen, die aus Sprungfedern gemacht wurden, kann es passieren, dass die Sprungfedern neu \u201ezu binden\u201c sind. Es gibt hier die M\u00f6glichkeit solche gebundenen Sitze bzw. R\u00fcckenlehnen durch den Schaumgummi zu ersetzten, es ist nat\u00fcrlich schneller und auch billiger, nichts desto trotz verliert das M\u00f6bel seine Einzigartigkeit und den unverwechselbaren Stil. Daher empfehlen wir diesen Austausch unseren Kunden nicht.<br \/>\n[\/et_pb_text][\/et_pb_column][\/et_pb_row][et_pb_row column_structure=&#8220;1_2,1_2&#8243; _builder_version=&#8220;4.18.0&#8243; _module_preset=&#8220;default&#8220; global_colors_info=&#8220;{}&#8220;][et_pb_column type=&#8220;1_2&#8243; _builder_version=&#8220;4.18.0&#8243; _module_preset=&#8220;default&#8220; global_colors_info=&#8220;{}&#8220;][et_pb_text _builder_version=&#8220;4.19.0&#8243; _module_preset=&#8220;default&#8220; background_layout=&#8220;dark&#8220; global_colors_info=&#8220;{}&#8220;]<\/p>\n<h2><strong>Hier k\u00f6nnen Sie die Unterschiede sehen<\/strong><\/h2>\n<h3>Sitz bzw. R\u00fcckenlehne aus Schaumgummi:<\/h3>\n<ul>\n<li>Auf der unteren Seite befinden sich Gurte bzw. Holzplatten<\/li>\n<li>Die n\u00e4chste Schicht besteht aus Schaumgummi<\/li>\n<li>Dann folgt die Watteline<\/li>\n<li>Und letztendlich der Stoff<\/li>\n<\/ul>\n<h3>Der Fortgang ist schnell und ziemlich unkompliziert. Bei gebundenem Sitz oder gebundener R\u00fcckenlehne ist die Situation anspruchsvoller und etwas komplizierter:<\/h3>\n<ul>\n<li>Auf der unteren Seite befinden sich die Gurte<\/li>\n<li>Auf die Gurte werden die Sprungfedern gen\u00e4ht<\/li>\n<li>Die Sprungfedern muss man einbinden<\/li>\n<li>\u00dcber die Sprungfedern werden Sackleinen \u00fcberzogen (so genannte feine Jute) und die Sprungfedern werden ben\u00e4ht<\/li>\n<li>Der n\u00e4chste Schritt ist die Bildung des Unterstichs, welcher mit dem afrikanischen Gras ausgef\u00fcllt wird<\/li>\n<li>Alles wird mit den zweiten Sackleinen \u00fcberzogen (so genannten dichte Jute), mit den Stecknadeln befestigt und abgesteppt<\/li>\n<li>Die Kanten werden ausgef\u00fcllt und ben\u00e4ht<\/li>\n<li>Der n\u00e4chste Unterstich wird gemacht und wieder mit dem afrikanischen Gras ausgef\u00fcllt, aber jetzt nur mild, damit die Ungleichheiten planiert werden<\/li>\n<li>Auf solche Art und Weise gebundene Sitz\/gebundene R\u00fcckenlehne wird die Watte oder die Watteline hingelegt und alles mit dem Pikierleinen \u00fcberzogen<\/li>\n<li>Die letzte Schicht unter dem Stoff bildet wieder die Watteline<\/li>\n<li>Und der letzte Schritt ist alles mit dem Stoff zu \u00fcberziehen<\/li>\n<\/ul>\n<p>[\/et_pb_text][\/et_pb_column][et_pb_column type=&#8220;1_2&#8243; _builder_version=&#8220;4.18.0&#8243; _module_preset=&#8220;default&#8220; global_colors_info=&#8220;{}&#8220;][et_pb_text _builder_version=&#8220;4.19.0&#8243; _module_preset=&#8220;default&#8220; background_layout=&#8220;dark&#8220; global_colors_info=&#8220;{}&#8220;]<\/p>\n<h2><strong>Polstern und tapezieren von Polsterm\u00f6bel<\/strong><\/h2>\n<ul>\n<li>gleich wenn wir alle notwendigen Informationen erhalten, bereiten wir ein unverbindliches Angebot f\u00fcr Sie<\/li>\n<li>innerhalb von zwei Tagen vor. Nach der \u00dcbermittlung des Angebotes an Sie werden wir Sie kontaktieren, um mit Ihnen einen Termin f\u00fcr ein pers\u00f6nliches Gespr\u00e4ch zu vereinbaren<\/li>\n<li>oder wir beantworten Ihre weiteren Fragen<\/li>\n<li>den Stoff k\u00f6nnen Sie sich auf unseren Webseiten aussuchen, aber wir haben das ganze Stoffangebot immer bei Ihnen mit. Also es ist f\u00fcr uns kein Problem, wenn Sie den Stoff erst beim pers\u00f6nlichen Treffen aussuchen<\/li>\n<li>unsere Dienste beinhalten auch kleine Tischlerarbeiten. F\u00fcr die gr\u00f6\u00dferen und aufwendigeren Reparaturen kooperieren wir mit einer ausgezeichneten Tischlerfirma, ebenso mit langj\u00e4hriger Erfahrung<\/li>\n<li>Ihre Polsterm\u00f6bel sind bei uns in guten H\u00e4nden<\/li>\n<\/ul>\n<p>[\/et_pb_text][\/et_pb_column][\/et_pb_row][\/et_pb_section][et_pb_section fb_built=&#8220;1&#8243; module_id=&#8220;kontakt&#8220; _builder_version=&#8220;4.18.0&#8243; _module_preset=&#8220;default&#8220; background_color=&#8220;#372117&#8243; global_module=&#8220;746&#8243; saved_tabs=&#8220;all&#8220; global_colors_info=&#8220;{}&#8220;][et_pb_row _builder_version=&#8220;4.18.0&#8243; _module_preset=&#8220;default&#8220; global_colors_info=&#8220;{}&#8220;][et_pb_column type=&#8220;4_4&#8243; _builder_version=&#8220;4.18.0&#8243; _module_preset=&#8220;default&#8220; global_colors_info=&#8220;{}&#8220;][et_pb_text admin_label=&#8220;Text&#8220; _builder_version=&#8220;4.19.0&#8243; _module_preset=&#8220;default&#8220; header_4_font=&#8220;||||||||&#8220; background_layout=&#8220;dark&#8220; global_colors_info=&#8220;{}&#8220;]<\/p>\n<h4>Kontakt<\/h4>\n<h2>Wir sind in der Tschechischen Republik sowie in ganz <strong>\u00d6sterreich und Deutschland t\u00e4tig<\/strong><\/h2>\n<p>[\/et_pb_text][\/et_pb_column][\/et_pb_row][et_pb_row column_structure=&#8220;1_3,1_3,1_3&#8243; _builder_version=&#8220;4.18.0&#8243; _module_preset=&#8220;default&#8220; global_colors_info=&#8220;{}&#8220;][et_pb_column type=&#8220;1_3&#8243; _builder_version=&#8220;4.18.0&#8243; _module_preset=&#8220;default&#8220; global_colors_info=&#8220;{}&#8220;][et_pb_text _builder_version=&#8220;4.19.0&#8243; _module_preset=&#8220;default&#8220; link_font=&#8220;||||||||&#8220; link_text_color=&#8220;#E9E0D0&#8243; background_layout=&#8220;dark&#8220; global_colors_info=&#8220;{}&#8220;]<\/p>\n<h5>Gesch\u00e4ftsf\u00fchrer<\/h5>\n<p><strong>Michal Hol\u00e1sek<\/strong><br \/>Tel.: <a href=\"tel:+420777613658\">+420&nbsp;777&nbsp;613&nbsp;658<\/a><br \/>Email: <a href=\"mailto:michal.holasek@holasek.eu\" target=\"_blank\" rel=\"noopener\">michal.holasek@holasek.eu<\/a><br \/>Eshop: <a href=\"https:\/\/holasekshop.eu\" target=\"_blank\" rel=\"noopener\">www.holasekshop.eu<\/a><br \/>Web: <a href=\"https:\/\/www.holasek.eu\/\" target=\"_blank\" rel=\"noopener\">www.holasek.eu<\/a><\/p>\n<p><strong><span style=\"font-size: x-large;\"><em>Wir sprechen DEUTSCH!<\/em><\/span><\/strong><\/p>\n<p>[\/et_pb_text][et_pb_social_media_follow _builder_version=&#8220;4.18.0&#8243; _module_preset=&#8220;default&#8220; global_colors_info=&#8220;{}&#8220;][et_pb_social_media_follow_network social_network=&#8220;whatsapp&#8220; url=&#8220;https:\/\/wa.me\/420777613658&#8243; icon_color=&#8220;#372117&#8243; _builder_version=&#8220;4.18.0&#8243; _module_preset=&#8220;default&#8220; background_color=&#8220;#E9E0D0&#8243; background_enable_color=&#8220;on&#8220; global_colors_info=&#8220;{}&#8220; follow_button=&#8220;off&#8220; url_new_window=&#8220;on&#8220;]whatsapp[\/et_pb_social_media_follow_network][et_pb_social_media_follow_network social_network=&#8220;instagram&#8220; url=&#8220;https:\/\/www.instagram.com\/ufholasek\/&#8220; icon_color=&#8220;#372117&#8243; _builder_version=&#8220;4.18.0&#8243; _module_preset=&#8220;default&#8220; background_color=&#8220;#E9E0D0&#8243; background_enable_color=&#8220;on&#8220; global_colors_info=&#8220;{}&#8220; follow_button=&#8220;off&#8220; url_new_window=&#8220;on&#8220;]instagram[\/et_pb_social_media_follow_network][et_pb_social_media_follow_network social_network=&#8220;facebook&#8220; url=&#8220;https:\/\/www.facebook.com\/Holasekeu&#8220; icon_color=&#8220;#372117&#8243; _builder_version=&#8220;4.18.0&#8243; _module_preset=&#8220;default&#8220; background_color=&#8220;#E9E0D0&#8243; background_enable_color=&#8220;on&#8220; global_colors_info=&#8220;{}&#8220; follow_button=&#8220;off&#8220; url_new_window=&#8220;on&#8220;]facebook[\/et_pb_social_media_follow_network][\/et_pb_social_media_follow][\/et_pb_column][et_pb_column type=&#8220;1_3&#8243; _builder_version=&#8220;4.18.0&#8243; _module_preset=&#8220;default&#8220; global_colors_info=&#8220;{}&#8220;][et_pb_text admin_label=&#8220;Text&#8220; _builder_version=&#8220;4.19.0&#8243; _module_preset=&#8220;default&#8220; link_text_color=&#8220;#E9E0D0&#8243; background_layout=&#8220;dark&#8220; global_colors_info=&#8220;{}&#8220;]<\/p>\n<h5 style=\"text-align: left;\">Kontaktstellen<\/h5>\n<p style=\"text-align: left;\"><strong><span style=\"font-size: large;\">TERMINE nach vorheriger VEREINBARUNG<\/span><\/strong><br \/><a href=\"tel:+420777613658\">+420&nbsp;777&nbsp;613&nbsp;658<\/a><\/p>\n<p><strong>Znojmo<\/strong><br \/>Bratrstva 2127\/16<br \/>CZ-669&nbsp;02 Znojmo<\/p>\n<p><strong>Jihlava<\/strong><br \/>Business Park Jihlava<br \/>Anton\u00edn\u016fv D\u016fl 107<br \/>CZ-586&nbsp;01 Jihlava<\/p>\n<p>[\/et_pb_text][\/et_pb_column][et_pb_column type=&#8220;1_3&#8243; _builder_version=&#8220;4.18.0&#8243; _module_preset=&#8220;default&#8220; global_colors_info=&#8220;{}&#8220;][et_pb_text _builder_version=&#8220;4.19.0&#8243; _module_preset=&#8220;default&#8220; link_text_color=&#8220;#E9E0D0&#8243; background_layout=&#8220;dark&#8220; global_colors_info=&#8220;{}&#8220;]<\/p>\n<h5>Hauptsitz und Rechnungsadresse<\/h5>\n<p><strong>Holasek.eu, s.r.o.<\/strong><br \/>Bukov\u00e1 574\/7<br \/>CZ-586&nbsp;01 Jihlava<\/p>\n<p>I\u010cO: 08218641<br \/>UID-Nr.: CZ08218641<\/p>\n<p>[\/et_pb_text][\/et_pb_column][\/et_pb_row][\/et_pb_section]<\/p>\n","protected":false},"excerpt":{"rendered":"<p>Tapezieren von Polsterm\u00f6bel Hol\u00e1sek Wir bieten folgende Dienstleistungen an \u2192 Tapezieren von St\u00fchlen \u2192 Tapezieren von Sesseln \u2192 Tapezieren von Sitzgarnituren \u2192 Tapezieren von Antikm\u00f6bel \u2192 Tapezieren von Betten \u2192 Couchen und von anderen Polsterm\u00f6bel \u2192 Tischlerarbeit Tapezieren von St\u00fchlen geh\u00f6rt zu der einfacheren Arbeit. Bei den St\u00fchlen wird nur der Sitz neu \u00fcberzogen, die [&hellip;]<\/p>\n","protected":false},"author":3,"featured_media":0,"parent":0,"menu_order":0,"comment_status":"closed","ping_status":"closed","template":"","meta":{"_et_pb_use_builder":"on","_et_pb_old_content":"","_et_gb_content_width":"","_joinchat":[],"footnotes":""},"class_list":["post-700","page","type-page","status-publish","hentry"],"_links":{"self":[{"href":"https:\/\/www.holasek.eu\/de\/wp-json\/wp\/v2\/pages\/700","targetHints":{"allow":["GET"]}}],"collection":[{"href":"https:\/\/www.holasek.eu\/de\/wp-json\/wp\/v2\/pages"}],"about":[{"href":"https:\/\/www.holasek.eu\/de\/wp-json\/wp\/v2\/types\/page"}],"author":[{"embeddable":true,"href":"https:\/\/www.holasek.eu\/de\/wp-json\/wp\/v2\/users\/3"}],"replies":[{"embeddable":true,"href":"https:\/\/www.holasek.eu\/de\/wp-json\/wp\/v2\/comments?post=700"}],"version-history":[{"count":11,"href":"https:\/\/www.holasek.eu\/de\/wp-json\/wp\/v2\/pages\/700\/revisions"}],"predecessor-version":[{"id":1151,"href":"https:\/\/www.holasek.eu\/de\/wp-json\/wp\/v2\/pages\/700\/revisions\/1151"}],"wp:attachment":[{"href":"https:\/\/www.holasek.eu\/de\/wp-json\/wp\/v2\/media?parent=700"}],"curies":[{"name":"wp","href":"https:\/\/api.w.org\/{rel}","templated":true}]}}